{"id":4341,"date":"2020-12-22T17:12:08","date_gmt":"2020-12-22T17:12:08","guid":{"rendered":"https:\/\/komedialdia.com\/aviso-legal-y-politica-de-privacidad\/"},"modified":"2021-03-04T13:09:51","modified_gmt":"2021-03-04T12:09:51","slug":"aviso-legal-y-politica-de-privacidad","status":"publish","type":"page","link":"https:\/\/komedialdia.com\/eu\/aviso-legal-y-politica-de-privacidad\/","title":{"rendered":"Lege oharra eta pribatasun politika"},"content":{"rendered":"<div class=\"fusion-fullwidth fullwidth-box fusion-builder-row-1 fusion-flex-container nonhundred-percent-fullwidth non-hundred-percent-height-scrolling\" style=\"--awb-border-radius-top-left:0px;--awb-border-radius-top-right:0px;--awb-border-radius-bottom-right:0px;--awb-border-radius-bottom-left:0px;--awb-flex-wrap:wrap;\" ><div class=\"fusion-builder-row fusion-row fusion-flex-align-items-flex-start fusion-flex-content-wrap\" style=\"max-width:95.68%;margin-left: calc(-4% \/ 2 );margin-right: calc(-4% \/ 2 );\"><div class=\"fusion-layout-column fusion_builder_column fusion-builder-column-0 fusion_builder_column_1_1 1_1 fusion-flex-column\" style=\"--awb-bg-size:cover;--awb-width-large:100%;--awb-margin-top-large:0px;--awb-spacing-right-large:1.92%;--awb-margin-bottom-large:20px;--awb-spacing-left-large:1.92%;--awb-width-medium:100%;--awb-order-medium:0;--awb-spacing-right-medium:1.92%;--awb-spacing-left-medium:1.92%;--awb-width-small:100%;--awb-order-small:0;--awb-spacing-right-small:1.92%;--awb-spacing-left-small:1.92%;\"><div class=\"fusion-column-wrapper fusion-column-has-shadow fusion-flex-justify-content-flex-start fusion-content-layout-column\"><div class=\"fusion-text fusion-text-1\"><h3>Confidencialidad y Protecci\u00f3n de Datos<\/h3>\n<p>A efecto de lo previsto en RGPD de 27 de abril de 2016Asociaci\u00f3n KomedialdiArabaElkartea informa ala persona usuaria de la existencia de un tratamiento automatizado de datos de car\u00e1cter personal creado por y para Asociaci\u00f3n KomedialdiArabaElkartea y bajo su responsabilidad, con la finalidad de realizar el mantenimiento y gesti\u00f3n de la relaci\u00f3n con la persona usuaria, as\u00ed como las labores de informaci\u00f3n. En el momento de la aceptaci\u00f3n de las presentes condiciones generales, Asociaci\u00f3n KomedialdiArabaElkartea precisar\u00e1 de la persona usuaria la recogida de unos datos imprescindibles para la prestaci\u00f3n de sus servicios.<\/p>\n<h3>Registro de ficheros y formularios<\/h3>\n<p>La cumplimentaci\u00f3n del formulario de registro es obligatoria para acceder y disfrutar de determinados servicios ofrecidos en la web. El no facilitar los datos personales solicitados o el no aceptar la presente pol\u00edtica de protecci\u00f3n de datos supone la imposibilidad de suscribirse, registrarse o participar en cualquiera de las promociones en las que se soliciten datos car\u00e1cter personal.<\/p>\n<p>A efecto de lo previsto en RGPD de 27 de abril de 2016, le informamos que los datos personales que se obtengan como consecuencia de su registro como persona usuaria, ser\u00e1n incorporados a un fichero titularidad de Asociaci\u00f3n KomedialdiArabaElkartea con C.I.F G02818292 y domicilio en C\/ Valladolid, 2, 1E, Vitoria -Gasteiz, 01002, Araba, teniendo implementadas las medidas de seguridad establecidas en el Real Decreto 1720\/2007, de 11 de junio.<\/p>\n<h3>Exactitud y veracidad de los datos facilitados<\/h3>\n<p>La persona usuaria es el \u00fanico responsable de la veracidad y correcci\u00f3n de los datos incluidos, exoner\u00e1ndose Asociaci\u00f3n KomedialdiArabaElkartea de cualquier responsabilidad al respecto. Las personas usuarias garantizan y responden, en cualquier caso, de la exactitud, vigencia y autenticidad de los datos personales facilitados, y se comprometen a mantenerlos debidamente actualizados. La persona usuaria acepta proporcionar informaci\u00f3n completa y correcta en el formulario de registro o suscripci\u00f3n. Asociaci\u00f3n KomedialdiArabaElkartea no responde de la veracidad de las informaciones que no sean de elaboraci\u00f3n propia y de las que se indique otra fuente, por lo que tampoco asume responsabilidad alguna en cuanto a hipot\u00e9ticos perjuicios que pudieran originarse por el uso de dicha informaci\u00f3n. Asociaci\u00f3n KomedialdiArabaElkartea se reserva el derecho a actualizar, modificar o eliminar la informaci\u00f3n contenida en sus p\u00e1ginas web pudiendo incluso limitar o no permitir el acceso a dicha informaci\u00f3n. Se exonera a Asociaci\u00f3n KomedialdiArabaElkartea de responsabilidad ante cualquier da\u00f1o o perjuicio que pudiera sufrir la persona usuaria como consecuencia de errores, defectos u omisiones, en la informaci\u00f3n facilitada por Asociaci\u00f3n KomedialdiArabaElkartea siempre que proceda de fuentes ajenas a Asociaci\u00f3n KomedialdiArabaElkartea.<\/p>\n<h3>Cookies<\/h3>\n<p>El sitio www.komedialdia.com utiliza cookies, considerando tales ficheros f\u00edsicos de informaci\u00f3n alojados en el propio terminal de la persona usuaria y sirven para facilitar la navegaci\u00f3n de la persona usuaria por el portal. De todas formas, la persona usuaria tiene la posibilidad de configurar el navegador de tal modo que impida la instalaci\u00f3n de estos archivos.<\/p>\n<h3>Legitimaci\u00f3n del Tratamiento<\/h3>\n<p>A efectos de lo establecido en el art. 6.1.a del RGPD de 27 de abril de 2016, la base legal para el tratamiento de datos personales de las personas usuarias se basar\u00e1 en el consentimiento de las mismas para el tratamiento de sus datos personales para uno o varios fines espec\u00edficos. En dicho caso se recaba el consentimiento y el acuerdo celebrado con lxs interesadxs a trav\u00e9s del formulario de contacto habilitado por la persona usuaria en la casilla \u201cAcepto el Aviso Legal y Pol\u00edtica de Privacidad\u201d.<\/p>\n<h3>Finalidades<\/h3>\n<p>La finalidad de la recogida de los datos de Asociaci\u00f3n KomedialdiArabaElkartea, versar\u00e1 sobre los siguientes objetos de tratamiento:<\/p>\n<p>La gesti\u00f3n de datos recogidos en los formularios de la p\u00e1gina web, la gesti\u00f3n de contactos, la realizaci\u00f3n de acciones de comunicaci\u00f3n comercial y la respuesta a consultas y sugerencias, siendo en cualquier caso obligatorio su consentimiento. De no prestarlo no podremos atender su solicitud.<\/p>\n<p>Dicha informaci\u00f3n, ser\u00e1 conservada por Asociaci\u00f3n KomedialdiArabaElkartea el tiempo imprescindible para gestionar nuestra relaci\u00f3n, pudiendo ejercer su derecho de acceso, rectificaci\u00f3n, supresi\u00f3n, limitaci\u00f3n, portabilidad y oposici\u00f3n de su tratamiento, as\u00ed como oponerse al mismo enviando su solicitud por escrito a C\/ Valladolid, 2, 1\u00baE, 01002 Vitoria-Gasteiz(Araba\/\u00c1lava), o al email:info@komedialdia.com<\/p>\n<h3>Menores de edad<\/h3>\n<p>En el supuesto de que algunos de nuestros servicios vayan dirigidos espec\u00edficamente a menores de edad, Asociaci\u00f3n KomedialdiArabaElkartea solicitar\u00e1 la conformidad de los padres\/madreso tutorxs para la recogida de los datos personales o, en su caso, para el tratamiento automatizado de los datos.<\/p>\n<h3>Cesi\u00f3n de datos a terceros<\/h3>\n<p>Asociaci\u00f3n KomedialdiArabaElkartea no realizar\u00e1 cesi\u00f3n de datos de las persona usuarias a terceros.<\/p>\n<h3>Ejercicio de derechos de acceso, rectificaci\u00f3n, cancelaci\u00f3n y oposici\u00f3n<\/h3>\n<p>Podr\u00e1 dirigir sus comunicaciones y ejercitar los derechos de acceso, rectificaci\u00f3n, supresi\u00f3n, limitaci\u00f3n, portabilidad y oposici\u00f3n en la direcci\u00f3n de Internet www.komedialdia.com o bien por correo ordinario dirigido a la Asociaci\u00f3n KomedialdiArabaElkartea, Ref. RGPD, en C\/ Valladolid, 2, 1\u00baE, 01002 Vitoria-Gasteiz (Araba\/\u00c1lava). Para ejercer dichos derechos es necesario que usted acredite su personalidad frente a la Asociaci\u00f3n KomedialdiArabaElkartea mediante el env\u00edo de fotocopia de Documento Nacional de Identidad o cualquier otro medio v\u00e1lido en Derecho. No obstante, la modificaci\u00f3n o rectificaci\u00f3n de sus datos de registro se podr\u00e1 realizar en el propio Site identific\u00e1ndose, previamente, con su persona usuaria y contrase\u00f1a.<\/p>\n<h3>Medidas de seguridad<\/h3>\n<p>Asociaci\u00f3n KomedialdiArabaElkartea ha adoptado los niveles de seguridad de protecci\u00f3n de los Datos Personales legalmente requeridos, y procuran instalar aquellos otros medios y medidas t\u00e9cnicas adicionales a su alcance para evitar la p\u00e9rdida, mal uso, alteraci\u00f3n, acceso no autorizado y robo de los Datos Personales facilitados a Asociaci\u00f3n KomedialdiArabaElkartea y no ser\u00e1 responsable de posibles da\u00f1os o perjuicios que se pudieran derivar de interferencias, omisiones, interrupciones, virus inform\u00e1ticos, aver\u00edas telef\u00f3nicas o desconexiones en el funcionamiento operativo de este sistema electr\u00f3nico, motivadas por causas ajenas Asociaci\u00f3n KomedialdiArabaElkartea; de retrasos o bloqueos en el uso del presente sistema electr\u00f3nico causados por deficiencias o sobrecargas de l\u00edneas telef\u00f3nicas o sobrecargas en el Centro de Procesos de Datos, en el sistema de Internet o en otros sistemas electr\u00f3nicos, as\u00ed como de da\u00f1os que puedan ser causados por terceras personas mediante intromisiones ileg\u00edtimas fuera del control de Asociaci\u00f3n KomedialdiArabaElkartea. Ello no obstante, la persona usuaria debe ser consciente de que las medidas de seguridad en Internet no son inexpugnables.<\/p>\n<h3>Aceptaci\u00f3n y consentimiento<\/h3>\n<p>La persona usuaria declara haber sido informada de las condiciones sobre protecci\u00f3n de datos personales, aceptando y consintiendo el tratamiento automatizado de los mismos por parte de Asociaci\u00f3n KomedialdiArabaElkartea, en la forma y para las finalidades indicadas en la presente Pol\u00edtica de Protecci\u00f3n de Datos Personales. Ciertos servicios prestados en el Portal pueden contener condiciones particulares con previsiones espec\u00edficas en materia de protecci\u00f3n de Datos Personales.<\/p>\n<\/div><\/div><\/div><\/div><\/div>\n","protected":false},"excerpt":{"rendered":"","protected":false},"author":1,"featured_media":4184,"parent":0,"menu_order":0,"comment_status":"closed","ping_status":"closed","template":"","meta":{"footnotes":""},"class_list":["post-4341","page","type-page","status-publish","has-post-thumbnail","hentry"],"yoast_head":"<!-- This site is optimized with the Yoast SEO plugin v27.5 - https:\/\/yoast.com\/product\/yoast-seo-wordpress\/ -->\n<title>Lege oharra eta pribatasun politika - Komedialdia<\/title>\n<meta name=\"robots\" content=\"index, follow, max-snippet:-1, max-image-preview:large, max-video-preview:-1\" \/>\n<link rel=\"canonical\" href=\"https:\/\/komedialdia.com\/eu\/aviso-legal-y-politica-de-privacidad\/\" \/>\n<meta property=\"og:locale\" content=\"eu_ES\" \/>\n<meta property=\"og:type\" content=\"article\" \/>\n<meta property=\"og:title\" content=\"Lege oharra eta pribatasun politika - Komedialdia\" \/>\n<meta property=\"og:url\" content=\"https:\/\/komedialdia.com\/eu\/aviso-legal-y-politica-de-privacidad\/\" \/>\n<meta property=\"og:site_name\" content=\"Komedialdia\" \/>\n<meta property=\"article:modified_time\" content=\"2021-03-04T12:09:51+00:00\" \/>\n<meta property=\"og:image\" content=\"https:\/\/komedialdia.com\/wp-content\/uploads\/2021\/02\/cabecera-01-1350x450px-v2-1.jpg\" \/>\n\t<meta property=\"og:image:width\" content=\"1350\" \/>\n\t<meta property=\"og:image:height\" content=\"450\" \/>\n\t<meta property=\"og:image:type\" content=\"image\/jpeg\" \/>\n<meta name=\"twitter:card\" content=\"summary_large_image\" \/>\n<meta name=\"twitter:label1\" content=\"Est. reading time\" \/>\n\t<meta name=\"twitter:data1\" content=\"6 minutes\" \/>\n<script type=\"application\/ld+json\" class=\"yoast-schema-graph\">{\"@context\":\"https:\\\/\\\/schema.org\",\"@graph\":[{\"@type\":\"WebPage\",\"@id\":\"https:\\\/\\\/komedialdia.com\\\/eu\\\/aviso-legal-y-politica-de-privacidad\\\/\",\"url\":\"https:\\\/\\\/komedialdia.com\\\/eu\\\/aviso-legal-y-politica-de-privacidad\\\/\",\"name\":\"Lege oharra eta pribatasun politika - Komedialdia\",\"isPartOf\":{\"@id\":\"https:\\\/\\\/komedialdia.com\\\/#website\"},\"primaryImageOfPage\":{\"@id\":\"https:\\\/\\\/komedialdia.com\\\/eu\\\/aviso-legal-y-politica-de-privacidad\\\/#primaryimage\"},\"image\":{\"@id\":\"https:\\\/\\\/komedialdia.com\\\/eu\\\/aviso-legal-y-politica-de-privacidad\\\/#primaryimage\"},\"thumbnailUrl\":\"https:\\\/\\\/komedialdia.com\\\/wp-content\\\/uploads\\\/2021\\\/02\\\/cabecera-01-1350x450px-v2-1.jpg\",\"datePublished\":\"2020-12-22T17:12:08+00:00\",\"dateModified\":\"2021-03-04T12:09:51+00:00\",\"breadcrumb\":{\"@id\":\"https:\\\/\\\/komedialdia.com\\\/eu\\\/aviso-legal-y-politica-de-privacidad\\\/#breadcrumb\"},\"inLanguage\":\"eu-ES\",\"potentialAction\":[{\"@type\":\"ReadAction\",\"target\":[\"https:\\\/\\\/komedialdia.com\\\/eu\\\/aviso-legal-y-politica-de-privacidad\\\/\"]}]},{\"@type\":\"ImageObject\",\"inLanguage\":\"eu-ES\",\"@id\":\"https:\\\/\\\/komedialdia.com\\\/eu\\\/aviso-legal-y-politica-de-privacidad\\\/#primaryimage\",\"url\":\"https:\\\/\\\/komedialdia.com\\\/wp-content\\\/uploads\\\/2021\\\/02\\\/cabecera-01-1350x450px-v2-1.jpg\",\"contentUrl\":\"https:\\\/\\\/komedialdia.com\\\/wp-content\\\/uploads\\\/2021\\\/02\\\/cabecera-01-1350x450px-v2-1.jpg\",\"width\":1350,\"height\":450},{\"@type\":\"BreadcrumbList\",\"@id\":\"https:\\\/\\\/komedialdia.com\\\/eu\\\/aviso-legal-y-politica-de-privacidad\\\/#breadcrumb\",\"itemListElement\":[{\"@type\":\"ListItem\",\"position\":1,\"name\":\"Home\",\"item\":\"https:\\\/\\\/komedialdia.com\\\/eu\\\/\"},{\"@type\":\"ListItem\",\"position\":2,\"name\":\"Lege oharra eta pribatasun politika\"}]},{\"@type\":\"WebSite\",\"@id\":\"https:\\\/\\\/komedialdia.com\\\/#website\",\"url\":\"https:\\\/\\\/komedialdia.com\\\/\",\"name\":\"Komedialdia\",\"description\":\"Festival de humor de Vitoria-Gasteiz - Umore jaialdia\",\"potentialAction\":[{\"@type\":\"SearchAction\",\"target\":{\"@type\":\"EntryPoint\",\"urlTemplate\":\"https:\\\/\\\/komedialdia.com\\\/?s={search_term_string}\"},\"query-input\":{\"@type\":\"PropertyValueSpecification\",\"valueRequired\":true,\"valueName\":\"search_term_string\"}}],\"inLanguage\":\"eu-ES\"}]}<\/script>\n<!-- \/ Yoast SEO plugin. -->","yoast_head_json":{"title":"Lege oharra eta pribatasun politika - Komedialdia","robots":{"index":"index","follow":"follow","max-snippet":"max-snippet:-1","max-image-preview":"max-image-preview:large","max-video-preview":"max-video-preview:-1"},"canonical":"https:\/\/komedialdia.com\/eu\/aviso-legal-y-politica-de-privacidad\/","og_locale":"eu_ES","og_type":"article","og_title":"Lege oharra eta pribatasun politika - Komedialdia","og_url":"https:\/\/komedialdia.com\/eu\/aviso-legal-y-politica-de-privacidad\/","og_site_name":"Komedialdia","article_modified_time":"2021-03-04T12:09:51+00:00","og_image":[{"width":1350,"height":450,"url":"https:\/\/komedialdia.com\/wp-content\/uploads\/2021\/02\/cabecera-01-1350x450px-v2-1.jpg","type":"image\/jpeg"}],"twitter_card":"summary_large_image","twitter_misc":{"Est. reading time":"6 minutes"},"schema":{"@context":"https:\/\/schema.org","@graph":[{"@type":"WebPage","@id":"https:\/\/komedialdia.com\/eu\/aviso-legal-y-politica-de-privacidad\/","url":"https:\/\/komedialdia.com\/eu\/aviso-legal-y-politica-de-privacidad\/","name":"Lege oharra eta pribatasun politika - Komedialdia","isPartOf":{"@id":"https:\/\/komedialdia.com\/#website"},"primaryImageOfPage":{"@id":"https:\/\/komedialdia.com\/eu\/aviso-legal-y-politica-de-privacidad\/#primaryimage"},"image":{"@id":"https:\/\/komedialdia.com\/eu\/aviso-legal-y-politica-de-privacidad\/#primaryimage"},"thumbnailUrl":"https:\/\/komedialdia.com\/wp-content\/uploads\/2021\/02\/cabecera-01-1350x450px-v2-1.jpg","datePublished":"2020-12-22T17:12:08+00:00","dateModified":"2021-03-04T12:09:51+00:00","breadcrumb":{"@id":"https:\/\/komedialdia.com\/eu\/aviso-legal-y-politica-de-privacidad\/#breadcrumb"},"inLanguage":"eu-ES","potentialAction":[{"@type":"ReadAction","target":["https:\/\/komedialdia.com\/eu\/aviso-legal-y-politica-de-privacidad\/"]}]},{"@type":"ImageObject","inLanguage":"eu-ES","@id":"https:\/\/komedialdia.com\/eu\/aviso-legal-y-politica-de-privacidad\/#primaryimage","url":"https:\/\/komedialdia.com\/wp-content\/uploads\/2021\/02\/cabecera-01-1350x450px-v2-1.jpg","contentUrl":"https:\/\/komedialdia.com\/wp-content\/uploads\/2021\/02\/cabecera-01-1350x450px-v2-1.jpg","width":1350,"height":450},{"@type":"BreadcrumbList","@id":"https:\/\/komedialdia.com\/eu\/aviso-legal-y-politica-de-privacidad\/#breadcrumb","itemListElement":[{"@type":"ListItem","position":1,"name":"Home","item":"https:\/\/komedialdia.com\/eu\/"},{"@type":"ListItem","position":2,"name":"Lege oharra eta pribatasun politika"}]},{"@type":"WebSite","@id":"https:\/\/komedialdia.com\/#website","url":"https:\/\/komedialdia.com\/","name":"Komedialdia","description":"Festival de humor de Vitoria-Gasteiz - Umore jaialdia","potentialAction":[{"@type":"SearchAction","target":{"@type":"EntryPoint","urlTemplate":"https:\/\/komedialdia.com\/?s={search_term_string}"},"query-input":{"@type":"PropertyValueSpecification","valueRequired":true,"valueName":"search_term_string"}}],"inLanguage":"eu-ES"}]}},"_links":{"self":[{"href":"https:\/\/komedialdia.com\/eu\/wp-json\/wp\/v2\/pages\/4341","targetHints":{"allow":["GET"]}}],"collection":[{"href":"https:\/\/komedialdia.com\/eu\/wp-json\/wp\/v2\/pages"}],"about":[{"href":"https:\/\/komedialdia.com\/eu\/wp-json\/wp\/v2\/types\/page"}],"author":[{"embeddable":true,"href":"https:\/\/komedialdia.com\/eu\/wp-json\/wp\/v2\/users\/1"}],"replies":[{"embeddable":true,"href":"https:\/\/komedialdia.com\/eu\/wp-json\/wp\/v2\/comments?post=4341"}],"version-history":[{"count":2,"href":"https:\/\/komedialdia.com\/eu\/wp-json\/wp\/v2\/pages\/4341\/revisions"}],"predecessor-version":[{"id":4343,"href":"https:\/\/komedialdia.com\/eu\/wp-json\/wp\/v2\/pages\/4341\/revisions\/4343"}],"wp:featuredmedia":[{"embeddable":true,"href":"https:\/\/komedialdia.com\/eu\/wp-json\/wp\/v2\/media\/4184"}],"wp:attachment":[{"href":"https:\/\/komedialdia.com\/eu\/wp-json\/wp\/v2\/media?parent=4341"}],"curies":[{"name":"wp","href":"https:\/\/api.w.org\/{rel}","templated":true}]}}